{"id":16,"date":"2019-03-16T09:33:13","date_gmt":"2019-03-16T09:33:13","guid":{"rendered":"http:\/\/hallenbadverein-buchenau.de\/?page_id=16"},"modified":"2019-03-16T10:02:05","modified_gmt":"2019-03-16T10:02:05","slug":"verein","status":"publish","type":"page","link":"http:\/\/hallenbadverein-buchenau.de\/?page_id=16","title":{"rendered":"Verein"},"content":{"rendered":"\n<div class=\"rtbs  rtbs_verein\"><div class=\"rtbs_slug\" style=\"display:none\">verein<\/div><div class=\"rtbs_inactive_tab_background\" style=\"display:none\">transparent<\/div><div class=\"rtbs_breakpoint\" style=\"display:none\">600<\/div><div class=\"rtbs_color\" style=\"display:none\">#1e73be<\/div>\r\n        <div class=\"rtbs_menu\">\r\n            <ul>\r\n                <li class=\"mobile_toggle\">&zwnj;<\/li><li class=\"current\"><a style=\"background:#1e73be\" class=\"active verein-tab-link-0\" href=\"#\" data-tab=\"#verein-tab-0\">Beschreibung<\/a><\/li><li><a href=\"#\" data-tab=\"#verein-tab-1\" class=\"verein-tab-link-1\">Vorstand<\/a><\/li><li><a href=\"#\" data-tab=\"#verein-tab-2\" class=\"verein-tab-link-2\">Beitr\u00e4ge<\/a><\/li><li><a href=\"#\" data-tab=\"#verein-tab-3\" class=\"verein-tab-link-3\">Satzung<\/a><\/li><li><a href=\"#\" data-tab=\"#verein-tab-4\" class=\"verein-tab-link-4\">Badeordnung<\/a><\/li><li><a href=\"#\" data-tab=\"#verein-tab-5\" class=\"verein-tab-link-5\">Beitrittserkl\u00e4rung<\/a><\/li>\r\n            <\/ul>\r\n        <\/div><div style=\"border-top:7px solid #1e73be;\" id=\"verein-tab-0\" class=\"rtbs_content active\"><h3><strong>Tr\u00e4gerverein Hallenbad Buchenau\/Lahn e.V.<\/strong><\/h3>\n<p>Der Hallenbadverein Buchenau hat im Jahr 2006 als verantwortlicher Verein die Tr\u00e4gerschaft \u00fcber das Hallenbad Buchenau \u00fcbernommen. Unterst\u00fctzt von der Gemeinde werden alle Ausgaben des Hallenbades von dem Verein \u00fcbernommen.<\/p>\n<p>Das Bad ist ein Mitgliederbad, d. h. die Nutzung ist nur Mitgliedern des Vereins gestattet.<\/p>\n<p><strong>Vorstand im Sinne des \u00a726(2) BGB,\u00a0<\/strong><strong>hbvbuchenau@t-online.de<\/strong><\/p>\n<ol>\n<li>Vorsitzender: Karl-Heinz Grebe<\/li>\n<li>Vorsitzender: Gerhard Schmidt<\/li>\n<\/ol>\n<p>Schatzmeister: Burkhard Watzka<\/p>\n<p>Schriftf\u00fchrerin: Elke G\u00f6nner<\/p>\n<div style=\"margin-top:30px; clear:both;\"><\/div><\/div><div style=\"border-top:7px solid #1e73be;\" id=\"verein-tab-1\" class=\"rtbs_content\"><p><strong>Das neue Vorstandsteam<\/strong><\/p>\n<p>In der Jahreshauptversammlung am 10.03.2023 wurde ein neuer Vorstand gew\u00e4hlt. Dieser wurde in der Jahreshauptversammlung am 14.03.2025 wieder gew\u00e4hlt.<\/p>\n<p><a href=\"http:\/\/hallenbadverein-buchenau.de\/?attachment_id=413\" rel=\"attachment wp-att-413\"><img class=\"alignnone wp-image-413 size-full\" src=\"http:\/\/hallenbadverein-buchenau.de\/wp-content\/uploads\/2023\/03\/Vorstand_2023-scaled-e1678621946148.jpg\" alt=\"\" width=\"2560\" height=\"1465\" \/><\/a><\/p>\n<p>\u00a0<\/p>\n<p>Von links nach rechts: Sven Strobel, Regina Saffrich, Claudia Grebe, Beate Eishauer, Burkhard Watzka, Elke G\u00f6nner, Stefanie Kaufmann, Gerhard Schmidt, Silvia Bauer, Andresas Feu\u00dfner, Karl-Heinz Grebe<\/p>\n<p>Bei Fragen und Anregungen erreichen Sie uns unter: hbvbuchenau@t-online.de<\/p>\n<p>\n<table id=\"tablepress-1\" class=\"tablepress tablepress-id-1\">\n<thead>\n<tr class=\"row-1 odd\">\n\t<th class=\"column-1\">aktueller Vorstand:<\/th><th class=\"column-2\">&nbsp;<\/th><th class=\"column-3\">&nbsp;<\/th><th class=\"column-4\">&nbsp;<\/th><th class=\"column-5\">&nbsp;<\/th>\n<\/tr>\n<\/thead>\n<tbody>\n<tr class=\"row-2 even\">\n\t<td class=\"column-1\">Karl-Heinz Grebe<\/td><td class=\"column-2\">1. Vorsitzender<\/td><td class=\"column-3\"><\/td><td class=\"column-4\"><\/td><td class=\"column-5\"><\/td>\n<\/tr>\n<tr class=\"row-3 odd\">\n\t<td class=\"column-1\">Gerhard Schmidt<\/td><td class=\"column-2\">2. Vorsitzender<\/td><td class=\"column-3\"><\/td><td class=\"column-4\"><\/td><td class=\"column-5\"><\/td>\n<\/tr>\n<tr class=\"row-4 even\">\n\t<td class=\"column-1\">Burkhard Watzka<\/td><td class=\"column-2\">Kassenwart<\/td><td class=\"column-3\"><\/td><td class=\"column-4\"><\/td><td class=\"column-5\"><\/td>\n<\/tr>\n<tr class=\"row-5 odd\">\n\t<td class=\"column-1\">Elke G\u00f6nner<\/td><td class=\"column-2\">Schriftf\u00fchrerin<\/td><td class=\"column-3\"><\/td><td class=\"column-4\"><\/td><td class=\"column-5\"><\/td>\n<\/tr>\n<tr class=\"row-6 even\">\n\t<td class=\"column-1\">Sven Strobel<\/td><td class=\"column-2\">Beisitzer<\/td><td class=\"column-3\"><\/td><td class=\"column-4\"><\/td><td class=\"column-5\"><\/td>\n<\/tr>\n<tr class=\"row-7 odd\">\n\t<td class=\"column-1\">Silvia Bauer<\/td><td class=\"column-2\">Beisitzerin<\/td><td class=\"column-3\"><\/td><td class=\"column-4\"><\/td><td class=\"column-5\"><\/td>\n<\/tr>\n<tr class=\"row-8 even\">\n\t<td class=\"column-1\">Andreas Feu\u00dfner<\/td><td class=\"column-2\">Beisitzer<\/td><td class=\"column-3\"><\/td><td class=\"column-4\"><\/td><td class=\"column-5\"><\/td>\n<\/tr>\n<tr class=\"row-9 odd\">\n\t<td class=\"column-1\">Claudia Eckert<\/td><td class=\"column-2\">Beisitzerin<\/td><td class=\"column-3\"><\/td><td class=\"column-4\"><\/td><td class=\"column-5\"><\/td>\n<\/tr>\n<tr class=\"row-10 even\">\n\t<td class=\"column-1\">Regina Saffrich<\/td><td class=\"column-2\">Beisitzerin<\/td><td class=\"column-3\"><\/td><td class=\"column-4\"><\/td><td class=\"column-5\"><\/td>\n<\/tr>\n<tr class=\"row-11 odd\">\n\t<td class=\"column-1\">Stefanie Kaufmann<\/td><td class=\"column-2\">Beisitzerin<\/td><td class=\"column-3\"><\/td><td class=\"column-4\"><\/td><td class=\"column-5\"><\/td>\n<\/tr>\n<tr class=\"row-12 even\">\n\t<td class=\"column-1\">Beate Eishauer<\/td><td class=\"column-2\">Beisitzerin<\/td><td class=\"column-3\"><\/td><td class=\"column-4\"><\/td><td class=\"column-5\"><\/td>\n<\/tr>\n<\/tbody>\n<\/table>\n<!-- #tablepress-1 from cache --><\/p>\n<div style=\"margin-top:30px; clear:both;\"><\/div><\/div><div style=\"border-top:7px solid #1e73be;\" id=\"verein-tab-2\" class=\"rtbs_content\"><h3>Mitgliedsbeitrag f\u00fcr die ganzj\u00e4hrige Nutzung des Bades:<\/h3>\n<p>Die Mitgliedsbeitr\u00e4ge betragen ab Januar 2022:\u00a0<\/p>\n<p><strong><u>Tagesmitgliedschaft:<\/u><\/strong><u>\u00a0<\/u>\u00a0<\/p>\n<p>Jugendliche (ab 4 Jahre):\u00a0\u00a0\u00a0\u00a0\u00a0\u00a0\u00a0\u00a0\u00a0\u00a0\u00a0\u00a0\u00a0\u00a0\u00a0\u00a03,00 Euro<\/p>\n<p>Erwachsene (ab 18 Jahre):\u00a0\u00a0\u00a0\u00a0\u00a0\u00a0\u00a0\u00a0\u00a0\u00a0\u00a0\u00a0\u00a0\u00a05,00 Euro<\/p>\n<p><strong><u>Jahresmitgliedschaft:<\/u><\/strong><u>\u00a0<\/u>\u00a0<\/p>\n<p>Jugendbeitrag (ab 4 Jahre):\u00a0\u00a0\u00a0\u00a0\u00a0\u00a0\u00a0\u00a0\u00a0\u00a0 \u00a050,00 Euro<\/p>\n<p>Einzelbeitrag (ab 18 Jahre):\u00a0\u00a0\u00a0\u00a0\u00a0\u00a0\u00a0\u00a0\u00a0\u00a0\u00a0\u00a085,00 Euro<\/p>\n<p>Familienbeitrag:\u00a0 \u00a0 \u00a0 \u00a0 \u00a0 \u00a0 \u00a0 \u00a0 \u00a0 \u00a0 \u00a0 \u00a0 \u00a0 \u00a0 \u00a0160,00 Euro<\/p>\n<p>Passives Mitglied:\u00a0\u00a0\u00a0\u00a0\u00a0\u00a0\u00a0\u00a0 \u00a0\u00a0\u00a0\u00a0\u00a0\u00a0\u00a0\u00a0\u00a0\u00a0\u00a0\u00a0\u00a0\u00a0\u00a0\u00a0\u00a035,00 Euro (mindestens)<\/p>\n<p>Der Mitgliedsbeitrag wird j\u00e4hrlich per Lastschrift im M\u00e4rz abgebucht.<\/p>\n<p>Die Mitgliedschaft ist g\u00fcltig f\u00fcr mindestens ein Kalenderjahr und verl\u00e4ngert sich um ein Weiteres, sofern der Austritt nicht vor Jahresende schriftlich erkl\u00e4rt wird.\u00a0<\/p>\n<p>Der Beitragseinzug bei Beitrittserkl\u00e4rung im Kalenderjahr erfolgt quartalsweise. Bei Beitritt im 1. Quartal eines Kalenderjahres betr\u00e4gt der Jahresbeitrag 100 %, bei Beitritt im 2. Quartal betr\u00e4gt der Jahresbeitrag 75 %, bei Beitritt im 3. Quartal betr\u00e4gt der Jahresbeitrag 50 % und bei Beitritt im 4. Quartal betr\u00e4gt der Jahresbeitrag 25 %.<\/p>\n<p>Der Austritt ist einem Mitglied des gesch\u00e4ftsf\u00fchrenden Vorstandes schriftlich mitzuteilen.<\/p>\n<p>Die Mitgliedschaft beinhaltet die kostenlose Benutzung der Schwimmhalle zu den festgelegten \u00d6ffnungszeiten.<\/p>\n<div style=\"margin-top:30px; clear:both;\"><\/div><\/div><div style=\"border-top:7px solid #1e73be;\" id=\"verein-tab-3\" class=\"rtbs_content\"><p><strong><u>Satzung des Hallenbadvereins Buchenau\/Lahn e.V.<br \/><\/u><\/strong><\/p>\n<p><a href=\"http:\/\/hallenbadverein-buchenau.de\/?attachment_id=479\" rel=\"attachment wp-att-479\">Satzung ab 15.03.2024_<\/a><\/p>\n<div style=\"margin-top:30px; clear:both;\"><\/div><\/div><div style=\"border-top:7px solid #1e73be;\" id=\"verein-tab-4\" class=\"rtbs_content\"><p><a href=\"http:\/\/hallenbadverein-buchenau.de\/wp-content\/uploads\/2019\/03\/Badeordnung-Nov.-2018.doc\" target=\"_blank\" rel=\"noopener\">Badeordnung-Nov.-2018<\/a><\/p>\n<div style=\"margin-top:30px; clear:both;\"><\/div><\/div><div style=\"border-top:7px solid #1e73be;\" id=\"verein-tab-5\" class=\"rtbs_content\"><p>Download Beitrittserkl\u00e4rung<\/p>\n<p><a href=\"http:\/\/hallenbadverein-buchenau.de\/wp-content\/uploads\/2022\/01\/Erklaerung_Beitritt_DSGVO.pdf\">http:\/\/hallenbadverein-buchenau.de\/wp-content\/uploads\/2022\/01\/Erklaerung_Beitritt_DSGVO.pdf<\/a><\/p>\n<div style=\"margin-top:30px; clear:both;\"><\/div><\/div>\r\n    <\/div>\r\n    \n","protected":false},"excerpt":{"rendered":"","protected":false},"author":1,"featured_media":0,"parent":0,"menu_order":0,"comment_status":"closed","ping_status":"closed","template":"","meta":[],"_links":{"self":[{"href":"http:\/\/hallenbadverein-buchenau.de\/index.php?rest_route=\/wp\/v2\/pages\/16"}],"collection":[{"href":"http:\/\/hallenbadverein-buchenau.de\/index.php?rest_route=\/wp\/v2\/pages"}],"about":[{"href":"http:\/\/hallenbadverein-buchenau.de\/index.php?rest_route=\/wp\/v2\/types\/page"}],"author":[{"embeddable":true,"href":"http:\/\/hallenbadverein-buchenau.de\/index.php?rest_route=\/wp\/v2\/users\/1"}],"replies":[{"embeddable":true,"href":"http:\/\/hallenbadverein-buchenau.de\/index.php?rest_route=%2Fwp%2Fv2%2Fcomments&post=16"}],"version-history":[{"count":2,"href":"http:\/\/hallenbadverein-buchenau.de\/index.php?rest_route=\/wp\/v2\/pages\/16\/revisions"}],"predecessor-version":[{"id":55,"href":"http:\/\/hallenbadverein-buchenau.de\/index.php?rest_route=\/wp\/v2\/pages\/16\/revisions\/55"}],"wp:attachment":[{"href":"http:\/\/hallenbadverein-buchenau.de\/index.php?rest_route=%2Fwp%2Fv2%2Fmedia&parent=16"}],"curies":[{"name":"wp","href":"https:\/\/api.w.org\/{rel}","templated":true}]}}